{"id":261232,"date":"2025-02-03T13:38:59","date_gmt":"2025-02-03T11:38:59","guid":{"rendered":"https:\/\/abogadoses.net\/?page_id=261232"},"modified":"2025-02-03T13:38:59","modified_gmt":"2025-02-03T11:38:59","slug":"fiscal","status":"publish","type":"page","link":"https:\/\/abogadoses.net\/index.php\/servicios\/fiscal\/","title":{"rendered":"Fiscal"},"content":{"rendered":"<p>[et_pb_section fb_built=\u00bb1&#8243; theme_builder_area=\u00bbpost_content\u00bb _builder_version=\u00bb4.27.4&#8243; _module_preset=\u00bbdefault\u00bb][et_pb_row _builder_version=\u00bb4.27.4&#8243; _module_preset=\u00bbdefault\u00bb theme_builder_area=\u00bbpost_content\u00bb][et_pb_column _builder_version=\u00bb4.27.4&#8243; _module_preset=\u00bbdefault\u00bb type=\u00bb4_4&#8243; theme_builder_area=\u00bbpost_content\u00bb][et_pb_text _builder_version=\u00bb4.27.4&#8243; _module_preset=\u00bbdefault\u00bb theme_builder_area=\u00bbpost_content\u00bb hover_enabled=\u00bb0&#8243; sticky_enabled=\u00bb0&#8243;]<\/p>\n<div class=\"wpb_text_column wpb_content_element \" bis_skin_checked=\"1\">\n<div class=\"wpb_wrapper\" bis_skin_checked=\"1\">\n<p><strong>\u00c1rea fiscal y tributaria<\/strong><\/p>\n<\/div>\n<\/div>\n<div class=\"wpb_text_column wpb_content_element \" bis_skin_checked=\"1\">\n<div class=\"wpb_wrapper\" bis_skin_checked=\"1\">\n<p style=\"text-align: justify;\">Nuestro departamento fiscal y tributario se ocupa de todos los temas relacionados con dicha rama del derecho, y especialmente de los siguientes:<\/p>\n<\/div>\n<\/div>\n<div class=\"vc_row wpb_row vc_inner vc_row-fluid\" bis_skin_checked=\"1\">\n<div class=\"wpb_column vc_column_container vc_col-sm-8\" bis_skin_checked=\"1\">\n<div class=\"vc_column-inner\" bis_skin_checked=\"1\">\n<div class=\"wpb_wrapper\" bis_skin_checked=\"1\">\n<div class=\"wpb_text_column wpb_content_element \" bis_skin_checked=\"1\">\n<div class=\"wpb_wrapper\" bis_skin_checked=\"1\">\n<ul>\n<li style=\"text-align: justify;\">Planificaciones fiscales<\/li>\n<li style=\"text-align: justify;\">Personas f\u00edsicas<\/li>\n<li style=\"text-align: justify;\">Personas jur\u00eddicas<\/li>\n<li style=\"text-align: justify;\">Impuesto sobre Sociedades<\/li>\n<li style=\"text-align: justify;\">Impuesto sobre la Renta de las Personas F\u00edsicas<\/li>\n<li style=\"text-align: justify;\">Impuesto sobre el Patrimonio<\/li>\n<li style=\"text-align: justify;\">Impuesto sobre Sucesiones y Donaciones<\/li>\n<li>IVA<\/li>\n<\/ul>\n<\/div>\n<\/div>\n<div class=\"wpb_text_column wpb_content_element \" bis_skin_checked=\"1\">\n<div class=\"wpb_wrapper\" bis_skin_checked=\"1\">\n<p><img width=\"176\" height=\"189\" src=\"https:\/\/www.rpagyabogados.es\/wp-content\/uploads\/2019\/04\/despacho-1.jpg\" class=\"vc_single_image-img attachment-large\" alt=\"\" decoding=\"async\" loading=\"lazy\" title=\"despacho\" sizes=\"100vw\" \/><\/p>\n<p style=\"text-align: justify;\"><strong>Elaborac<\/strong><strong>i\u00f3<\/strong><strong>n y tramitaci\u00f3n de Impuestos:<\/strong><\/p>\n<\/div>\n<\/div>\n<\/div>\n<\/div>\n<\/div>\n<\/div>\n<div class=\"wpb_text_column wpb_content_element \" bis_skin_checked=\"1\">\n<div class=\"wpb_wrapper\" bis_skin_checked=\"1\">\n<ul>\n<li style=\"text-align: justify;\">Modelo 300 (Impuestos sobre el Valor A\u00f1adido)<\/li>\n<li style=\"text-align: justify;\">Modelo 310 IVA. (R\u00e9gimen simplificado. Declaraci\u00f3n ordinaria).<\/li>\n<li style=\"text-align: justify;\">Modelo 311 IVA (Declaraci\u00f3n-liquidaci\u00f3n final).<\/li>\n<li style=\"text-align: justify;\">Modelo 330 IVA (Declaraci\u00f3n Mensual).<\/li>\n<li style=\"text-align: justify;\">Modelo 349 (Declaraci\u00f3n recapitulativa de operaciones intracomunitarias).<\/li>\n<li style=\"text-align: justify;\">Modelo 390 (Declaraci\u00f3n resumen anual I.V.A.)<\/li>\n<li style=\"text-align: justify;\">Modelo 100 (Documento de ingreso o declaraci\u00f3n ordinaria y simplificada-RENTA)<\/li>\n<li style=\"text-align: justify;\">Modelo 110 (Retenciones e ingreso a cuenta. Rendimientos del trabajo, de actividades profesionales, de actividades agr\u00edcolas y ganaderas y premios)<\/li>\n<li style=\"text-align: justify;\">Modelo 111 (IRPF. Retenciones e ingresos a cuenta de trabajo personal. Cuenta corriente Tributaria).<\/li>\n<li style=\"text-align: justify;\">Modelo 130 (IRPF. Actividades econ\u00f3micas en estimaci\u00f3n directa).<\/li>\n<li style=\"text-align: justify;\">Modelo 131. (IRPF. Actividades econ\u00f3micas en estimaci\u00f3n objetiva).<\/li>\n<li style=\"text-align: justify;\">Modelo 115 (Retenciones e ingresos a cuenta o rendimientos procedentes del arrendamiento o subarrendamiento de inmuebles urbanos)<\/li>\n<li style=\"text-align: justify;\">Modelo 180 (Retenciones e ingresos a cuenta. \u00a0Rendimientos procedentes del arrendamiento de inmuebles urbanos. Resumen anual)<\/li>\n<li style=\"text-align: justify;\">Modelo 190 (Resumen anual de retenciones e ingresos a cuenta de rendimientos del trabajo de determinadas actividades econ\u00f3micas, previas y determinadas imputaciones de renta.)<\/li>\n<li style=\"text-align: justify;\">Modelo 201 (Impuesto sobre Sociedades. Declaraci\u00f3n-liquidaci\u00f3n simplificada del Impuesto sobre Sociedades e Impuesto sobre la renta de no residentes<\/li>\n<li style=\"text-align: justify;\">Modelo 202 (Pago fraccionado del Impuesto de Sociedades r\u00e9gimen general)<\/li>\n<li style=\"text-align: justify;\">Modelo 036 y 037 (Declaraci\u00f3n censal de alta, modificaci\u00f3n y baja en el censo del obligado tributario).<\/li>\n<li style=\"text-align: justify;\">Modelo 840 (Declaraci\u00f3n del Impuesto sobre Actividades Econ\u00f3micas)<\/li>\n<li style=\"text-align: justify;\">Modelo 600 (Impuesto de transmisiones patrimoniales y actos jur\u00eddicos documentados)<\/li>\n<li style=\"text-align: justify;\">Modelo 347 (Declaraci\u00f3n anual de operaciones con terceras personas)<\/li>\n<li style=\"text-align: justify;\">En este apartado hay que incluir los desplazamientos tanto a la Agencia Tributaria (sea dentro de la Comunidad Aut\u00f3noma, o fuera de ella) como a bancos y gestiones ante los Registros de la Propiedad, Mercantil, Diputaci\u00f3n General de Arag\u00f3n y otras administraciones relacionadas con la materia. En su caso, gestiones de todo tipo, ante otras administraciones auton\u00f3micas del estado y\/\u00f2 en diferentes ciudades espa\u00f1olas.<\/li>\n<\/ul>\n<\/div>\n<\/div>\n<p>[\/et_pb_text][\/et_pb_column][\/et_pb_row][\/et_pb_section]<\/p>\n","protected":false},"excerpt":{"rendered":"<p>\u00c1rea fiscal y tributaria Nuestro departamento fiscal y tributario se ocupa de todos los temas relacionados con dicha rama del derecho, y especialmente de los siguientes: Planificaciones fiscales Personas f\u00edsicas Personas jur\u00eddicas Impuesto sobre Sociedades Impuesto sobre la Renta de las Personas F\u00edsicas Impuesto sobre el Patrimonio Impuesto sobre Sucesiones y Donaciones IVA Elaboraci\u00f3n y [&hellip;]<\/p>\n","protected":false},"author":1,"featured_media":0,"parent":261165,"menu_order":0,"comment_status":"closed","ping_status":"closed","template":"","meta":{"_et_pb_use_builder":"on","_et_pb_old_content":"","_et_gb_content_width":"","footnotes":""},"class_list":["post-261232","page","type-page","status-publish","hentry"],"_links":{"self":[{"href":"https:\/\/abogadoses.net\/index.php\/wp-json\/wp\/v2\/pages\/261232","targetHints":{"allow":["GET"]}}],"collection":[{"href":"https:\/\/abogadoses.net\/index.php\/wp-json\/wp\/v2\/pages"}],"about":[{"href":"https:\/\/abogadoses.net\/index.php\/wp-json\/wp\/v2\/types\/page"}],"author":[{"embeddable":true,"href":"https:\/\/abogadoses.net\/index.php\/wp-json\/wp\/v2\/users\/1"}],"replies":[{"embeddable":true,"href":"https:\/\/abogadoses.net\/index.php\/wp-json\/wp\/v2\/comments?post=261232"}],"version-history":[{"count":2,"href":"https:\/\/abogadoses.net\/index.php\/wp-json\/wp\/v2\/pages\/261232\/revisions"}],"predecessor-version":[{"id":261234,"href":"https:\/\/abogadoses.net\/index.php\/wp-json\/wp\/v2\/pages\/261232\/revisions\/261234"}],"up":[{"embeddable":true,"href":"https:\/\/abogadoses.net\/index.php\/wp-json\/wp\/v2\/pages\/261165"}],"wp:attachment":[{"href":"https:\/\/abogadoses.net\/index.php\/wp-json\/wp\/v2\/media?parent=261232"}],"curies":[{"name":"wp","href":"https:\/\/api.w.org\/{rel}","templated":true}]}}