{"id":261223,"date":"2025-02-03T13:35:21","date_gmt":"2025-02-03T11:35:21","guid":{"rendered":"https:\/\/abogadoses.net\/?page_id=261223"},"modified":"2025-02-03T13:35:22","modified_gmt":"2025-02-03T11:35:22","slug":"laboral","status":"publish","type":"page","link":"https:\/\/abogadoses.net\/index.php\/servicios\/laboral\/","title":{"rendered":"Laboral"},"content":{"rendered":"<p>[et_pb_section fb_built=\u00bb1&#8243; theme_builder_area=\u00bbpost_content\u00bb _builder_version=\u00bb4.27.4&#8243; _module_preset=\u00bbdefault\u00bb][et_pb_row _builder_version=\u00bb4.27.4&#8243; _module_preset=\u00bbdefault\u00bb theme_builder_area=\u00bbpost_content\u00bb][et_pb_column _builder_version=\u00bb4.27.4&#8243; _module_preset=\u00bbdefault\u00bb type=\u00bb4_4&#8243; theme_builder_area=\u00bbpost_content\u00bb][et_pb_text _builder_version=\u00bb4.27.4&#8243; _module_preset=\u00bbdefault\u00bb theme_builder_area=\u00bbpost_content\u00bb hover_enabled=\u00bb0&#8243; sticky_enabled=\u00bb0&#8243;]<\/p>\n<div class=\"vc_row wpb_row vc_inner vc_row-fluid\" bis_skin_checked=\"1\">\n<div class=\"wpb_column vc_column_container vc_col-sm-8\" bis_skin_checked=\"1\">\n<div class=\"vc_column-inner\" bis_skin_checked=\"1\">\n<div class=\"wpb_wrapper\" bis_skin_checked=\"1\">\n<div class=\"wpb_text_column wpb_content_element \" bis_skin_checked=\"1\">\n<div class=\"wpb_wrapper\" bis_skin_checked=\"1\">\n<p><strong>CONCEPTOS QUE COMPRENDE:<\/strong><\/p>\n<ul>\n<li style=\"text-align: justify;\">Redacci\u00f3n de contratos de trabajo con examen de la conveniencia de cada tipo de contrato para el supuesto individual que se contemple.<\/li>\n<li style=\"text-align: justify;\">Comunicaci\u00f3n de la contrataci\u00f3n al Instituto Nacional de Empleo, u organismos de empleo de cualquier comunidad aut\u00f3noma.<\/li>\n<li style=\"text-align: justify;\">Comunicaci\u00f3n de alta del trabajado en la Seguridad Social en su adecuado ep\u00edgrafe y tipo de cotizaci\u00f3n.<\/li>\n<li style=\"text-align: justify;\">Redacci\u00f3n de finiquitos sobre la resoluci\u00f3n de las relaciones laborales con cualquier trabajador de la empresa.<\/li>\n<\/ul>\n<\/div>\n<\/div>\n<\/div>\n<\/div>\n<\/div>\n<div class=\"wpb_column vc_column_container vc_col-sm-4\" bis_skin_checked=\"1\">\n<div class=\"vc_column-inner\" bis_skin_checked=\"1\">\n<div class=\"wpb_wrapper\" bis_skin_checked=\"1\">\n<div class=\"wpb_single_image wpb_content_element vc_align_center\" bis_skin_checked=\"1\">\n<figure class=\"wpb_wrapper vc_figure\">\n<div class=\"vc_single_image-wrapper   vc_box_border_grey\" bis_skin_checked=\"1\"><img width=\"740\" height=\"555\" src=\"https:\/\/www.rpagyabogados.es\/wp-content\/uploads\/2020\/10\/PHOTO-2020-10-19-16-24-54-1024x768.jpg\" class=\"vc_single_image-img attachment-large\" alt=\"\" decoding=\"async\" loading=\"lazy\" title=\"PHOTO-2020-10-19-16-24-54\" srcset=\"https:\/\/www.rpagyabogados.es\/wp-content\/uploads\/2020\/10\/PHOTO-2020-10-19-16-24-54-1024x768.jpg 1024w, https:\/\/www.rpagyabogados.es\/wp-content\/uploads\/2020\/10\/PHOTO-2020-10-19-16-24-54-300x225.jpg 300w, https:\/\/www.rpagyabogados.es\/wp-content\/uploads\/2020\/10\/PHOTO-2020-10-19-16-24-54-768x576.jpg 768w, https:\/\/www.rpagyabogados.es\/wp-content\/uploads\/2020\/10\/PHOTO-2020-10-19-16-24-54-1536x1152.jpg 1536w, https:\/\/www.rpagyabogados.es\/wp-content\/uploads\/2020\/10\/PHOTO-2020-10-19-16-24-54.jpg 1600w\" sizes=\"100vw\" style=\"display: block; margin-left: auto; margin-right: auto;\" \/><\/div>\n<\/figure>\n<\/div>\n<\/div>\n<\/div>\n<\/div>\n<\/div>\n<div class=\"wpb_text_column wpb_content_element \" bis_skin_checked=\"1\">\n<div class=\"wpb_wrapper\" bis_skin_checked=\"1\">\n<ul>\n<li style=\"text-align: justify;\">Comunicaci\u00f3n de la baja y rescisi\u00f3n de relaci\u00f3n laboral ante la Seguridad Social.<\/li>\n<li style=\"text-align: justify;\">Elaboraci\u00f3n de certificados de empresa como consecuencia del fin de una relaci\u00f3n laboral.<\/li>\n<li style=\"text-align: justify;\">Redacci\u00f3n de posibles prorrogas de contratos, o transformaciones de los mismos, as\u00ed como comunicaci\u00f3n \u00a0al Instituto Aragon\u00e9s de Empleo y a la Seguridad Social de cualquier cambio relativo a \u00a0la contrataci\u00f3n.<\/li>\n<li style=\"text-align: justify;\">Redacci\u00f3n y env\u00edo mensual de \u00a0n\u00f3minas \u00a0de recibos de salarios de los trabajadores de la empresa.<\/li>\n<li style=\"text-align: justify;\">Remisi\u00f3n \u00a0de estudio de costes mensuales de salarios brutos y netos de los trabajadores, prorrata de pagas extraordinarias, \u00a0retenciones por IRPF, as\u00ed como de previsi\u00f3n de coste de Seguridad Social.<\/li>\n<li style=\"text-align: justify;\">Elaboraci\u00f3n de importes \u00a0de cotizaci\u00f3n mensuales y remisi\u00f3n de los mismos a Tesorer\u00eda General de la Seguridad Social para el cargo de su importe en cuenta bancaria.<\/li>\n<li style=\"text-align: justify;\">Comunicaci\u00f3n al Instituto Nacional de la Seguridad Social de las incidencias que pudieran producirse relativas a \u00a0enfermedad com\u00fan o profesional de los \u00a0trabajadores o accidentes laborales o no laborales.<\/li>\n<li style=\"text-align: justify;\">Solicitud y remisi\u00f3n de certificados de estar al corriente con las obligaciones de cotizaci\u00f3n a la Seguridad Social de la empresa.<\/li>\n<li style=\"text-align: justify;\">Elaboraci\u00f3n de declaraci\u00f3n trimestral y anual de pagos a cuenta de IRPF retenciones de salarios de trabajadores.<\/li>\n<li style=\"text-align: justify;\">Remisi\u00f3n anual de certificado de retenciones.<\/li>\n<li style=\"text-align: justify;\">Remisi\u00f3n \u00a0de resumen anual de retribuciones a los trabajadores de la empresa.<\/li>\n<li style=\"text-align: justify;\">Atenci\u00f3n a requerimientos de las administraciones relativas a las relaciones laborales de la empresa.<\/li>\n<li style=\"text-align: justify;\">Presentaci\u00f3n de escritos de alegaciones y recursos en impugnaci\u00f3n de actuaciones de la administraci\u00f3n que resulten gravosas para la empresa.<\/li>\n<li style=\"text-align: justify;\">Asistencia a posibles inspecciones de trabajo con su consiguiente aportaci\u00f3n de la documentaci\u00f3n que fuera requerida.<\/li>\n<li style=\"text-align: justify;\">Asistencia a citaciones y actos de conciliaci\u00f3n en los Centros de Conciliaci\u00f3n de cada organismo auton\u00f3mico, relativas a reclamaciones de cantidad o despidos de los trabajadores de la empresa.<\/li>\n<li style=\"text-align: justify;\">Interposici\u00f3n de demandas judiciales y defensa y oposici\u00f3n a las interpuestas de contrario, y seguimiento del proceso en todas sus instancias, incluidas las ejecuciones.<\/li>\n<\/ul>\n<\/div>\n<\/div>\n<p>[\/et_pb_text][\/et_pb_column][\/et_pb_row][\/et_pb_section]<\/p>\n","protected":false},"excerpt":{"rendered":"<p>CONCEPTOS QUE COMPRENDE: Redacci\u00f3n de contratos de trabajo con examen de la conveniencia de cada tipo de contrato para el supuesto individual que se contemple. Comunicaci\u00f3n de la contrataci\u00f3n al Instituto Nacional de Empleo, u organismos de empleo de cualquier comunidad aut\u00f3noma. Comunicaci\u00f3n de alta del trabajado en la Seguridad Social en su adecuado ep\u00edgrafe [&hellip;]<\/p>\n","protected":false},"author":1,"featured_media":0,"parent":261165,"menu_order":0,"comment_status":"closed","ping_status":"closed","template":"","meta":{"_et_pb_use_builder":"on","_et_pb_old_content":"","_et_gb_content_width":"","footnotes":""},"class_list":["post-261223","page","type-page","status-publish","hentry"],"_links":{"self":[{"href":"https:\/\/abogadoses.net\/index.php\/wp-json\/wp\/v2\/pages\/261223","targetHints":{"allow":["GET"]}}],"collection":[{"href":"https:\/\/abogadoses.net\/index.php\/wp-json\/wp\/v2\/pages"}],"about":[{"href":"https:\/\/abogadoses.net\/index.php\/wp-json\/wp\/v2\/types\/page"}],"author":[{"embeddable":true,"href":"https:\/\/abogadoses.net\/index.php\/wp-json\/wp\/v2\/users\/1"}],"replies":[{"embeddable":true,"href":"https:\/\/abogadoses.net\/index.php\/wp-json\/wp\/v2\/comments?post=261223"}],"version-history":[{"count":2,"href":"https:\/\/abogadoses.net\/index.php\/wp-json\/wp\/v2\/pages\/261223\/revisions"}],"predecessor-version":[{"id":261226,"href":"https:\/\/abogadoses.net\/index.php\/wp-json\/wp\/v2\/pages\/261223\/revisions\/261226"}],"up":[{"embeddable":true,"href":"https:\/\/abogadoses.net\/index.php\/wp-json\/wp\/v2\/pages\/261165"}],"wp:attachment":[{"href":"https:\/\/abogadoses.net\/index.php\/wp-json\/wp\/v2\/media?parent=261223"}],"curies":[{"name":"wp","href":"https:\/\/api.w.org\/{rel}","templated":true}]}}