{"id":261157,"date":"2025-02-03T12:25:30","date_gmt":"2025-02-03T10:25:30","guid":{"rendered":"https:\/\/abogadoses.net\/?page_id=261157"},"modified":"2025-02-03T13:09:23","modified_gmt":"2025-02-03T11:09:23","slug":"integrantes-del-despacho","status":"publish","type":"page","link":"https:\/\/abogadoses.net\/index.php\/equipo-2\/integrantes-del-despacho\/","title":{"rendered":"Integrantes del  Despacho"},"content":{"rendered":"<p>[et_pb_section fb_built=\u00bb1&#8243; theme_builder_area=\u00bbpost_content\u00bb _builder_version=\u00bb4.27.4&#8243; _module_preset=\u00bbdefault\u00bb custom_padding=\u00bb43px|||||\u00bb][et_pb_row _builder_version=\u00bb4.27.4&#8243; _module_preset=\u00bbdefault\u00bb theme_builder_area=\u00bbpost_content\u00bb][et_pb_column _builder_version=\u00bb4.27.4&#8243; _module_preset=\u00bbdefault\u00bb type=\u00bb4_4&#8243; theme_builder_area=\u00bbpost_content\u00bb][et_pb_text _builder_version=\u00bb4.27.4&#8243; _module_preset=\u00bbdefault\u00bb theme_builder_area=\u00bbpost_content\u00bb hover_enabled=\u00bb0&#8243; sticky_enabled=\u00bb0&#8243; header_5_text_color=\u00bb#ff7355&#8243;]<\/p>\n<div class=\"vc_row wpb_row vc_inner vc_row-fluid\" bis_skin_checked=\"1\">\n<div class=\"wpb_column vc_column_container vc_col-sm-12\" bis_skin_checked=\"1\">\n<div class=\"vc_column-inner\" bis_skin_checked=\"1\">\n<div class=\"wpb_wrapper\" bis_skin_checked=\"1\">\n<div class=\"wpb_text_column wpb_content_element \" bis_skin_checked=\"1\">\n<div class=\"wpb_wrapper\" bis_skin_checked=\"1\">\n<p>El\u00a0<strong>perfil de los integrantes del despacho<\/strong>, que componen el equipo humano, es el siguiente:<\/p>\n<p>&nbsp;<\/p>\n<div bis_skin_checked=\"1\"><\/div>\n<\/div>\n<\/div>\n<div class=\"wpb_text_column wpb_content_element \" bis_skin_checked=\"1\">\n<div class=\"wpb_wrapper\" bis_skin_checked=\"1\">\n<h5 style=\"text-align: center;\"><strong>JOS\u00c9 RODR\u00cdGUEZ PAREJO<\/strong><\/h5>\n<h5 style=\"text-align: center;\"><strong>Socio director del despacho\u00a0<\/strong><\/h5>\n<h5 style=\"text-align: center;\"><strong>(Le\u00f3n)<\/strong><\/h5>\n<\/div>\n<\/div>\n<\/div>\n<\/div>\n<\/div>\n<\/div>\n<div class=\"vc_row wpb_row vc_inner vc_row-fluid\" bis_skin_checked=\"1\">\n<div class=\"wpb_column vc_column_container vc_col-sm-12\" bis_skin_checked=\"1\">\n<div class=\"vc_column-inner\" bis_skin_checked=\"1\">\n<div class=\"wpb_wrapper\" bis_skin_checked=\"1\">\n<div class=\"wpb_text_column wpb_content_element \" bis_skin_checked=\"1\">\n<div class=\"wpb_wrapper\" bis_skin_checked=\"1\">\n<p>Letrado del Reicaz, Licenciado en Derecho. Universidad de Zaragoza. Doctor en Derecho. Derecho de la Empresa. Universidad de Zaragoza. Panth\u00e9on-Assas, con m\u00e1s de 30 a\u00f1os de ejercicio profesional, dedicado a diferentes materias civiles y mercantiles, derecho societario y concursal, experiencia adquirida durante dos a\u00f1os, en sus inicios en derecho bancario y mercantil, luego, \u00a0en los nueve a\u00f1os posteriores, \u00a0como miembro de un prestigioso y conocido despacho profesional, ubicado en Zaragoza capital, dedicado en<span>\u00a0<\/span><strong>exclusiva<\/strong>\u00a0al\u00a0<strong>derecho mercantil, societario y concursal<\/strong>, y en los nueve a\u00f1os siguientes, como letrado del departamento de derecho mercantil y societario, de uno de los mayores despachos, en volumen de letrados y facturaci\u00f3n, de la capital aragonesa.<\/p>\n<p>Master en Asesor\u00eda Jur\u00eddica de Empresas, cuatro a\u00f1os, y con 82 cr\u00e9ditos, equivalentes a 2.214 horas. T\u00edtulo Oficial de la U.P. de Madrid. Especialista en Derecho Empresarial, dos a\u00f1os, y con 36 cr\u00e9ditos, equivalentes a 972 horas. T\u00edtulo Oficial de la U.P. de Madrid. Licenciado en Derecho. Universidad de Zaragoza. Doctor en Derecho. Derecho de la Empresa. Universidad de Zaragoza. Diferentes cursos y seminarios realizados en materias de pr\u00e1ctica jur\u00eddica, legislaci\u00f3n concursal, propiedad industrial, propiedad intelectual, derecho medioambiental, societario, mercantil, fusiones, adquisiciones de empresas, civil obligaciones y contratos y penal econ\u00f3mico. Profesor colaborador de la Escuela de Pr\u00e1ctica Jur\u00eddica de la Facultad de Derecho. Universidad de Zaragoza. Consejero del Real e Ilustre Colegio de Abogados de Zaragoza.<\/p>\n<p>Amplia y acreditada capacidad en el asesoramiento a sociedades mercantiles de capital privado y p\u00fablico, en todos sus aspectos jur\u00eddicos, societarios, mercantiles, disoluci\u00f3n y liquidaci\u00f3n, civiles y administrativos, siendo el \u00a0letrado externo, desde la constituci\u00f3n de las mismas, de varias sociedades con capital social privado y, otras, con el 100% de su capital social p\u00fablico.<\/p>\n<p>Dilatada experiencia en el ejercicio de acciones civiles, penales y administrativas, ante los tribunales de esas jurisdicciones, en defensa de intereses de particulares, sociedades y otras corporaciones, de inter\u00e9s p\u00fablico y\/o privado.<\/p>\n<p>Asesoramiento, desde hace m\u00e1s de treinta a\u00f1os, a diferentes empresas, \u00a0en materia mercantil y derecho societario, con asistencia a sus consejos de administraci\u00f3n, en derecho civil de obligaciones y contratos, y en derecho administrativo. Direcci\u00f3n letrada en numerosos procedimientos \u00a0civiles, penales, mercantil y concursales. Ingl\u00e9s y Franc\u00e9s.<\/p>\n<\/div>\n<\/div>\n<div class=\"vc_separator wpb_content_element vc_separator_align_center vc_sep_width_100 vc_sep_pos_align_center vc_separator_no_text vc_sep_color_white\" bis_skin_checked=\"1\"><span class=\"vc_sep_holder vc_sep_holder_l\"><span class=\"vc_sep_line\"><\/span><\/span><\/div>\n<div class=\"wpb_text_column wpb_content_element \" bis_skin_checked=\"1\">\n<div class=\"wpb_wrapper\" bis_skin_checked=\"1\">\n<h5 style=\"text-align: center;\"><strong>LUIS GASC\u00d3N VALL\u00c9S<\/strong><\/h5>\n<h5 style=\"text-align: center;\"><strong>Socio y director gerente del despacho<\/strong><\/h5>\n<h5 style=\"text-align: center;\"><strong>(Zaragoza)<\/strong><\/h5>\n<\/div>\n<\/div>\n<\/div>\n<\/div>\n<\/div>\n<\/div>\n<div class=\"vc_row wpb_row vc_inner vc_row-fluid\" bis_skin_checked=\"1\">\n<div class=\"wpb_column vc_column_container vc_col-sm-12\" bis_skin_checked=\"1\">\n<div class=\"vc_column-inner\" bis_skin_checked=\"1\">\n<div class=\"wpb_wrapper\" bis_skin_checked=\"1\">\n<div class=\"wpb_text_column wpb_content_element \" bis_skin_checked=\"1\">\n<div class=\"wpb_wrapper\" bis_skin_checked=\"1\">\n<p>Formado en Ciencias Econ\u00f3micas y Empresariales, secci\u00f3n Empresariales. Con m\u00e1s de 30 a\u00f1os de experiencia profesional. Asesor Financiero y de Planificaci\u00f3n, y experto en contabilidad y Finanzas.<span>\u00a0<\/span><strong>M\u00e1ster en Direcci\u00f3n de Empresas por<\/strong><span>\u00a0<\/span><strong>The Internacional Social Science Council<\/strong>. Diplomado en<span>\u00a0<\/span><strong>Gerencia de Empresas Cooperativas<\/strong><span>\u00a0<\/span>de la Unidad de Fomento Cooperativo del Ministerio de Trabajo y Seguridad Social.<\/p>\n<p>Diferentes cursos y seminarios en materias de legislaci\u00f3n concursal, contabilidad y finanzas y tributaci\u00f3n de sociedades. Ingl\u00e9s en Escuela Oficial de Idiomas. Franc\u00e9s en Instituto Franc\u00e9s.<\/p>\n<\/div>\n<\/div>\n<div class=\"wpb_text_column wpb_content_element \" bis_skin_checked=\"1\">\n<div class=\"wpb_wrapper\" bis_skin_checked=\"1\">\n<h5 style=\"text-align: center;\"><strong>C\u00c9SAR JAVIER CASADO ESCOS<\/strong><\/h5>\n<h5 style=\"text-align: center;\"><strong>Abogado<\/strong><\/h5>\n<h5 style=\"text-align: center;\"><strong>(Zaragoza)<\/strong><\/h5>\n<p>Es miembro del Colegio de Abogados de Zaragoza desde 1.983, y pertenece a la secci\u00f3n de Derecho laboral desde su inicio.<\/p>\n<p>Profesor Asociado de la Universidad de Zaragoza, Departamento de Derecho de Empresa, \u00c1rea del Derecho del Trabajo desde el Curso 1.988-1989 ininterrumpidamente.<\/p>\n<p>Nombrado mediador a nivel nacional para la soluci\u00f3n extrajudicial de conflictos laborales por el SERVICIO INTERCONFEDERAL MEDIACION Y ARBRITAJE ( SIMA )en el a\u00f1o 1996 hasta 2005.<\/p>\n<p>Mediador dentro del SERVICIO ARAGONES DE MEDIACION Y ARBRITAJE ( SAMA ) para la soluci\u00f3n extrajudicial de conflictos laborales en la Comunidad Aut\u00f3noma de Arag\u00f3n en el a\u00f1o 1998.<\/p>\n<p>Pr\u00e1ctica del derecho laboral\u00a0 que desarrolla ante los Tribunales y foros de la Ciudad de Zaragoza. Huesca, Logro\u00f1o, Valencia y otras ciudades de Espa\u00f1a, principalmente en la Jurisdicci\u00f3n Social, o la Contencioso administrativa. Representaci\u00f3n, personaci\u00f3n y tramitaci\u00f3n ante los organismos relacionados con materia social ( INAEM, INSS, INEM, TESORERIA TERRITORIAL DE LA SEGURIDAD SOCIAL, FOGASA, ) representado tanto a las empresas como a trabajadores por cuenta ajena o trabajadores aut\u00f3nomos.<\/p>\n<p>El derecho laboral, individual y colectivo, el Derecho Concursal Laboral y el Derecho de la Seguridad Social, son las parcelas mayoritarias de ocupaci\u00f3n del despacho, habiendo actuado en conflictos laborales donde se debat\u00eda sobre .- contrataci\u00f3n laboral, salarios, vacaciones, despidos disciplinarios y colectivos, modificaci\u00f3n sustancial de condiciones de trabajo, conciliaci\u00f3n de la vida familiar y laboral, entre otras materias. \u00a0Expedientes regulaci\u00f3n de empleo, reclamaci\u00f3n cr\u00e9ditos laborales, clasificaci\u00f3n y privilegios de los cr\u00e9ditos, incidentes laborales concursales, entre otras materias. Declaraci\u00f3n de incapacidades temporales y permanentes en sus diferentes grados., Desempleo, prestaci\u00f3n de Jubilaci\u00f3n, Accidentes de Trabajo, recargo de prestaciones, entre otras materias.<\/p>\n<p>Miembro del Departamento de Derecho de la Empresa de la Universidad de Zaragoza, dentro del \u00c1rea de Derecho del Trabajo. Tiene reconocida la SUFICIENCIA INVESTIGADORA en el \u00e1rea derecho del trabajo y de la S.S. de la Universidad de Zaragoza y tiene el Diploma de Estudios Avanzados.<\/p>\n<p>Imparti\u00f3 docencia en la Escuela Universitaria de Estudios Empresariales de la Universidad de Zaragoza, la asignatura de Derecho del Trabajo; y en la Escuela de Estudios Sociales, Diplomatura de Relaciones Laborales asi como en la Facultad de Econom\u00eda y Empresa.\u00a0 Actualmente lo hace en la Facultad de Ciencias Sociales y del Trabajo, impartiendo las asignaturas de Seguridad Social II y Derecho del Trabajo I.<\/p>\n<p>Ha impartido cursos para la CREA y dirigido un seminario en la HEAO de Hogeschool Zeeland, en Vlisingen,( Holanda). Impartido\u00a0 Conferencias en la Universite Paul Sabatier, Instituto Universitaire de Technologie; y en la Universit\u00e9 de Toulouse Le Mirail y Profesor-Ense\u00f1ante invitado por dos meses en la Universidad de Toulouse Le Mirail (Francia) por el D\u00e9partement de LEA impartiendo curso \u00abDerecho Social\u00bb.<\/p>\n<p>Profesor del modulo laboral del Diploma Universitario de \u00abAsesoramiento Integral de Empresas\u00bb impartido por la Universidad de Zaragoza.<\/p>\n<p>Como Mediador ha sido designado a lo largo de estos a\u00f1os tanto por la parte empresarial como la social en numerosas mediaciones individuales y colectivas realizadas ante el SAMA; as\u00ed como colectivas y anuncios de huelga en varios sectores econ\u00f3micos, ante el SIMA.<\/p>\n<p>&nbsp;<\/p>\n<\/div>\n<\/div>\n<\/div>\n<\/div>\n<\/div>\n<\/div>\n<div class=\"wpb_text_column wpb_content_element \" bis_skin_checked=\"1\">\n<div class=\"wpb_wrapper\" bis_skin_checked=\"1\">\n<h5 style=\"text-align: center;\"><strong>LUIS ALFONSO CASTRO GAY<\/strong><\/h5>\n<h5 style=\"text-align: center;\"><strong>Asesor Fiscal-Departamento Fiscal y Tributario<\/strong><\/h5>\n<h5 style=\"text-align: center;\"><strong>(Zaragoza, 1971)<\/strong><\/h5>\n<p>Formado en Ciencias Empresariales.<span>\u00a0<\/span><strong>M\u00e1ster en Auditor\u00eda de Cuentas.\u00a0<\/strong>Especialista en contabilidad y derecho fiscal.\u00a0M\u00e1s de 25 a\u00f1os asesorando y asistiendo profesionalmente a\u00a0 particulares y empresas en los \u00e1mbitos fiscal, mercantil y contable.<\/p>\n<p>Miembro de la Asociaci\u00f3n Espa\u00f1ola de Asesores Fiscales (AEDAF).<\/p>\n<p>&nbsp;<\/p>\n<\/div>\n<\/div>\n<div class=\"wpb_text_column wpb_content_element \" bis_skin_checked=\"1\">\n<div class=\"wpb_wrapper\" bis_skin_checked=\"1\">\n<h5 style=\"text-align: center;\"><strong>LETICIA ALVAREZ MART\u00cdNEZ<\/strong><\/h5>\n<h5 style=\"text-align: center;\"><strong>Socia Abogada-Departamento de Laboral<\/strong><\/h5>\n<h5 style=\"text-align: center;\"><strong>(Zaragoza)<\/strong><\/h5>\n<\/div>\n<\/div>\n<div class=\"vc_row wpb_row vc_inner vc_row-fluid\" bis_skin_checked=\"1\">\n<div class=\"wpb_column vc_column_container vc_col-sm-12\" bis_skin_checked=\"1\">\n<div class=\"vc_column-inner\" bis_skin_checked=\"1\">\n<div class=\"wpb_wrapper\" bis_skin_checked=\"1\">\n<div class=\"wpb_text_column wpb_content_element \" bis_skin_checked=\"1\">\n<div class=\"wpb_wrapper\" bis_skin_checked=\"1\">\n<p>Letrada del Reicaz. Abogada especialista en Derecho del Trabajo y Derecho de Empresa. Profesora Asociada Universidad de Zaragoza. R\u00e9gimen Laboral de Empresa\u00a0 en Facultad de Econom\u00eda y Empresa. Pr\u00e1ctica de Contrataci\u00f3n Laboral en Facultad de Ciencias Sociales y del Trabajo. \u00a0Direcci\u00f3n Pr\u00e1cticas externas en Facultad de Ciencias Sociales y del Trabajo.\u00a0 Direcci\u00f3n Trabajo fin de grado en Facultad de Ciencias Sociales y del Trabajo.<\/p>\n<p>Licenciatura en Derecho. Diploma de Derecho Comunitario. Beca Jean Monet. Facultad de Derecho. Universidad de Zaragoza. \u2022 Curso Especializaci\u00f3n en Derecho de Extranjer\u00eda.\u00a0 Curso de Administraci\u00f3n de Empresas.<\/p>\n<p>Graduado en Relaciones Laborales y Recursos Humanos.\u00a0 M\u00e1ster Escuela Pr\u00e1ctica Jur\u00eddica. Universidad de Zaragoza.<\/p>\n<p>Colaboraci\u00f3n en elaboraci\u00f3n del manual \u201cDerecho individual y colectivo de trabajo\u201d. 3\u00aa edici\u00f3n. Zaragoza. Kronos 2.013. \u2022 Impartici\u00f3n de formaci\u00f3n en M\u00e1ster Pr\u00e1ctica Jur\u00eddica en el apartado \u201cDerecho Individual del Trabajo\u201d.<\/p>\n<p>Preparaci\u00f3n Oposiciones Inspecci\u00f3n de Trabajo. Ingl\u00e9s y Franc\u00e9s.<\/p>\n<p>&nbsp;<\/p>\n<\/div>\n<\/div>\n<div class=\"wpb_text_column wpb_content_element \" bis_skin_checked=\"1\">\n<div class=\"wpb_wrapper\" bis_skin_checked=\"1\">\n<h5 style=\"text-align: center;\"><strong>CRISTINA S\u00c1NCHEZ ASENSIO<\/strong><\/h5>\n<h5 style=\"text-align: center;\"><strong>Economista-Departamento de Contabilidad<\/strong><\/h5>\n<h5 style=\"text-align: center;\"><strong>(Zaragoza)<\/strong><\/h5>\n<\/div>\n<\/div>\n<\/div>\n<\/div>\n<\/div>\n<\/div>\n<div class=\"vc_row wpb_row vc_inner vc_row-fluid\" bis_skin_checked=\"1\">\n<div class=\"wpb_column vc_column_container vc_col-sm-12\" bis_skin_checked=\"1\">\n<div class=\"vc_column-inner\" bis_skin_checked=\"1\">\n<div class=\"wpb_wrapper\" bis_skin_checked=\"1\">\n<div class=\"wpb_text_column wpb_content_element \" bis_skin_checked=\"1\">\n<div class=\"wpb_wrapper\" bis_skin_checked=\"1\">\n<p>Formada en Direcci\u00f3n y Administraci\u00f3n de Empresas por la Universidad de Zaragoza. Experta en contabilidad, Fiscal y laboral.<\/p>\n<p>Preparaci\u00f3n de oposiciones al Cuerpo Superior de Intervenci\u00f3n del Estado. Ha realizado numerosos cursos y seminarios en materias de contabilidad, fiscal, laboral y finanzas.<\/p>\n<p>Ingl\u00e9s.<\/p>\n<p>&nbsp;<\/p>\n<\/div>\n<\/div>\n<div class=\"wpb_text_column wpb_content_element \" bis_skin_checked=\"1\">\n<div class=\"wpb_wrapper\" bis_skin_checked=\"1\">\n<h5 style=\"text-align: center;\"><strong>IGNACIO GASC\u00d3N ALBAREDA<\/strong><\/h5>\n<h5 style=\"text-align: center;\"><strong>Socio. Departamento de Contabilidad<\/strong><\/h5>\n<p>Formado en Administraci\u00f3n y Direcci\u00f3n de Empresas. Adjunto a\u00a0 direcci\u00f3n gerente del despacho. Miembro del Departamento de Contabilidad.<\/p>\n<p>&nbsp;<\/p>\n<\/div>\n<\/div>\n<div class=\"wpb_text_column wpb_content_element \" bis_skin_checked=\"1\">\n<div class=\"wpb_wrapper\" bis_skin_checked=\"1\">\n<h5 style=\"text-align: center;\"><strong>PROF. DR. MANUEL ALVAREZ ALCOLEA<\/strong><\/h5>\n<h5 style=\"text-align: center;\"><strong>Consejero<\/strong><\/h5>\n<\/div>\n<\/div>\n<\/div>\n<\/div>\n<\/div>\n<\/div>\n<div class=\"vc_row wpb_row vc_inner vc_row-fluid\" bis_skin_checked=\"1\">\n<div class=\"wpb_column vc_column_container vc_col-sm-12\" bis_skin_checked=\"1\">\n<div class=\"vc_column-inner\" bis_skin_checked=\"1\">\n<div class=\"wpb_wrapper\" bis_skin_checked=\"1\">\n<div class=\"wpb_text_column wpb_content_element \" bis_skin_checked=\"1\">\n<div class=\"wpb_wrapper\" bis_skin_checked=\"1\">\n<p>Ha sido Profesor Titular de Derecho del Trabajo y Seguridad Social de la Universidad de Zaragoza, en la Facultad de Derecho. Juez de lo Social. Arbitro Sindical. Director de la Escuela de Pr\u00e1ctica Jur\u00eddica de la Universidad de Zaragoza.<\/p>\n<p>Autor y coautor de m\u00e1s de 20 tratados de Derecho del Trabajo y Seguridad Social, y autor de innumerables art\u00edculos jur\u00eddicos en prestigiosas revistas de todo el mundo.<\/p>\n<\/div>\n<\/div>\n<div class=\"vc_separator wpb_content_element vc_separator_align_center vc_sep_width_100 vc_sep_pos_align_center vc_separator_no_text vc_sep_color_white\" bis_skin_checked=\"1\"><span class=\"vc_sep_holder vc_sep_holder_l\"><span class=\"vc_sep_line\"><\/span><\/span><\/div>\n<div class=\"wpb_text_column wpb_content_element \" bis_skin_checked=\"1\">\n<div class=\"wpb_wrapper\" bis_skin_checked=\"1\">\n<h5 style=\"text-align: center;\"><strong>ALBERTO S\u00c1NCHEZ RUIZ<\/strong><\/h5>\n<h5 style=\"text-align: center;\"><strong>Consejero<\/strong><\/h5>\n<\/div>\n<\/div>\n<\/div>\n<\/div>\n<\/div>\n<\/div>\n<div class=\"vc_row wpb_row vc_inner vc_row-fluid\" bis_skin_checked=\"1\">\n<div class=\"wpb_column vc_column_container vc_col-sm-12\" bis_skin_checked=\"1\">\n<div class=\"vc_column-inner\" bis_skin_checked=\"1\">\n<div class=\"wpb_wrapper\" bis_skin_checked=\"1\">\n<div class=\"wpb_text_column wpb_content_element \" bis_skin_checked=\"1\">\n<div class=\"wpb_wrapper\" bis_skin_checked=\"1\">\n<p>Economista. Ha sido funcionario del Cuerpo de Inspecci\u00f3n de Hacienda y Delegado de la Agencia Tributaria Estatal. Es Profesor de Hacienda P\u00fablica en la Universidad Nacional a Distancia (UNED).<\/p>\n<p>&nbsp;<\/p>\n<\/div>\n<\/div>\n<div class=\"wpb_text_column wpb_content_element \" bis_skin_checked=\"1\">\n<div class=\"wpb_wrapper\" bis_skin_checked=\"1\">\n<h5 style=\"text-align: center;\"><strong>PEDRO PARDO AZNAR<\/strong><\/h5>\n<h5 style=\"text-align: center;\"><strong>Consejero<\/strong><\/h5>\n<\/div>\n<\/div>\n<\/div>\n<\/div>\n<\/div>\n<\/div>\n<div class=\"vc_row wpb_row vc_inner vc_row-fluid\" bis_skin_checked=\"1\">\n<div class=\"wpb_column vc_column_container vc_col-sm-12\" bis_skin_checked=\"1\">\n<div class=\"vc_column-inner\" bis_skin_checked=\"1\">\n<div class=\"wpb_wrapper\" bis_skin_checked=\"1\">\n<div class=\"wpb_text_column wpb_content_element \" bis_skin_checked=\"1\">\n<div class=\"wpb_wrapper\" bis_skin_checked=\"1\">\n<p>Experto en Derecho del Trabajo. Licenciado en Ciencias del Trabajo y Graduado Social. Funcionario de Carrera, grupo A. Ha sido Gerente y Vicegerente de Asuntos Administrativos y Recursos Humanos de la Universidad de Zaragoza y Jefe del Servicio de Personal. Miembro del Comit\u00e9 de Seguridad y Salud Laboral, antes de Seguridad e Higiene. Miembro Fundador de la Comisi\u00f3n Nacional de Seguridad y Salud de las Universidades Espa\u00f1olas.<\/p>\n<p>Profesor Asociado de la Universidad, en la Facultad de Ciencias Sociales y del Trabajo Departamento de Derecho de la Empresa. \u00c1rea de Derecho del Trabajo y de la Seguridad Social. Miembro del Grupo Consolidado de Investigaci\u00f3n \u00abPrivadmon-Ara\u00bb.<\/p>\n<p>Diploma de Relaciones Laborales Universidad Polit\u00e9cnica de Madrid. M\u00e1ster en Recursos Humanos. Instituto Directivos de Empresa IDE-CESEM. Diploma de especializaci\u00f3n en Relaciones Industriales. Recursos Humanos<span>.\u00a0<\/span><\/p>\n<p>Ha impartido, dirigido o coordinado numerosas actividades formativas, charlas y conferencias en materia de RRHH, formaci\u00f3n, calidad en la gesti\u00f3n, organizaci\u00f3n, direcci\u00f3n, derecho del trabajo. C<\/p>\n<p>Coautor en numerosos tratados de derecho del trabajo y en publicaciones cient\u00edficas de derecho laboral. Colaboraciones internacionales en numerosas publicaciones, seminarios y conferencias.<\/p>\n<p>&nbsp;<\/p>\n<p>Todo el equipo est\u00e1 en continua formaci\u00f3n, realizando los cursos y seminarios oportunos, para adecuar su actividad profesional a las novedades normativas que se van produciendo.<\/p>\n<\/div>\n<\/div>\n<\/div>\n<\/div>\n<\/div>\n<\/div>\n<p>[\/et_pb_text][\/et_pb_column][\/et_pb_row][\/et_pb_section]<\/p>\n","protected":false},"excerpt":{"rendered":"<p>El\u00a0perfil de los integrantes del despacho, que componen el equipo humano, es el siguiente: &nbsp; JOS\u00c9 RODR\u00cdGUEZ PAREJO Socio director del despacho\u00a0 (Le\u00f3n) Letrado del Reicaz, Licenciado en Derecho. Universidad de Zaragoza. Doctor en Derecho. Derecho de la Empresa. Universidad de Zaragoza. Panth\u00e9on-Assas, con m\u00e1s de 30 a\u00f1os de ejercicio profesional, dedicado a diferentes materias [&hellip;]<\/p>\n","protected":false},"author":1,"featured_media":0,"parent":261151,"menu_order":0,"comment_status":"closed","ping_status":"closed","template":"","meta":{"_et_pb_use_builder":"on","_et_pb_old_content":"","_et_gb_content_width":"","footnotes":""},"class_list":["post-261157","page","type-page","status-publish","hentry"],"_links":{"self":[{"href":"https:\/\/abogadoses.net\/index.php\/wp-json\/wp\/v2\/pages\/261157","targetHints":{"allow":["GET"]}}],"collection":[{"href":"https:\/\/abogadoses.net\/index.php\/wp-json\/wp\/v2\/pages"}],"about":[{"href":"https:\/\/abogadoses.net\/index.php\/wp-json\/wp\/v2\/types\/page"}],"author":[{"embeddable":true,"href":"https:\/\/abogadoses.net\/index.php\/wp-json\/wp\/v2\/users\/1"}],"replies":[{"embeddable":true,"href":"https:\/\/abogadoses.net\/index.php\/wp-json\/wp\/v2\/comments?post=261157"}],"version-history":[{"count":4,"href":"https:\/\/abogadoses.net\/index.php\/wp-json\/wp\/v2\/pages\/261157\/revisions"}],"predecessor-version":[{"id":261161,"href":"https:\/\/abogadoses.net\/index.php\/wp-json\/wp\/v2\/pages\/261157\/revisions\/261161"}],"up":[{"embeddable":true,"href":"https:\/\/abogadoses.net\/index.php\/wp-json\/wp\/v2\/pages\/261151"}],"wp:attachment":[{"href":"https:\/\/abogadoses.net\/index.php\/wp-json\/wp\/v2\/media?parent=261157"}],"curies":[{"name":"wp","href":"https:\/\/api.w.org\/{rel}","templated":true}]}}